{"id":509,"date":"2017-04-07T13:31:11","date_gmt":"2017-04-07T11:31:11","guid":{"rendered":"http:\/\/schumacher-architektur.de\/wordpress\/?page_id=509"},"modified":"2020-08-28T09:41:50","modified_gmt":"2020-08-28T07:41:50","slug":"neubau-umbaumassnahmen","status":"publish","type":"page","link":"https:\/\/schumacher-architektur.de\/en\/neubau-umbaumassnahmen\/","title":{"rendered":"(Deutsch) neubau &#038; umbauma\u00dfnahmen"},"content":{"rendered":"<div id=\"pl-509\"  class=\"panel-layout\" ><div id=\"pg-509-0\"  class=\"panel-grid panel-no-style\" ><div id=\"pgc-509-0-0\"  class=\"panel-grid-cell\" ><div id=\"panel-509-0-0-0\" class=\"so-panel widget widget_text panel-first-child panel-last-child\" data-index=\"0\" >\t\t\t<div class=\"textwidget\"><p>jede lebesphase hat ihre spezifischen bed\u00fcrfnisse und anforderungen an wohnraum und komfort. <\/p>\n<p>der erwerb einer immobilie ist f\u00fcr den bauherrn der anfang f\u00fcr die umsetzung von individuellen ideen und w\u00fcnschen. gern beraten wir bereits im vorfeld eines kaufs zu baulichen m\u00f6glichkeiten auf grundlage der beschaffenheit des bestandsgeb\u00e4udes. in einer ortsbegehung l\u00e4sst sich schnell kl\u00e4ren, ob eine immobilie den gew\u00fcnschten anforderungen entspricht. <\/p>\n<p>gemeinsam mit den bauherren entwickeln wir auf der grundlage von bed\u00fcrfnissen und finanziellen m\u00f6glichkeiten tragf\u00e4hige umbaukonzepte, beraten in bezug auf finanzierung und f\u00f6rderung und behalten beim entwurf die realisierbarkeit im blick. im anschluss an die entwurfsphase erarbeiten wir einen bauantrag und \u00fcbernehmen gern die vertretung der bauherrn gegen\u00fcber den zust\u00e4ndigen genehmigungsbeh\u00f6rden, sowie die planung und ausf\u00fchrung bis hin zur fertigstellung der bauma\u00dfnahme und anschlie\u00dfenden \u00fcbergabe an den nutzer.<\/p>\n<\/div>\n\t\t<\/div><\/div><div id=\"pgc-509-0-1\"  class=\"panel-grid-cell\" ><div id=\"panel-509-0-1-0\" class=\"so-panel widget widget_nav_menu panel-first-child\" data-index=\"1\" ><h3 class=\"widget-title\">leistungen_petra<\/h3><\/div><div id=\"panel-509-0-1-1\" class=\"so-panel widget widget_text panel-last-child\" data-index=\"2\" >\t\t\t<div class=\"textwidget\"><a href=\"https:\/\/schumacher-architektur.de\/wordpress\/immobilienwertermittlung\/\">zu den leistungen_g\u00f6tz<\/a><\/div>\n\t\t<\/div><\/div><\/div><div id=\"pg-509-1\"  class=\"panel-grid panel-no-style\" ><div id=\"pgc-509-1-0\"  class=\"panel-grid-cell panel-grid-cell-mobile-last\" ><div id=\"panel-509-1-0-0\" class=\"so-panel widget widget_text panel-first-child\" data-index=\"3\" >\t\t\t<div class=\"textwidget\"><style type=\"text\/css\">\r\n\t#foogallery-gallery-565 .fg-image {\r\n        width: 150px;\r\n    }\r\n<\/style>\r\n\t\t\t\t<div class=\"foogallery foogallery-container foogallery-default foogallery-lightbox-foobox fg-gutter-10 fg-center fg-default fg-light fg-border-thin fg-shadow-outline fg-loading-default fg-loaded-fade-in fg-caption-hover fg-hover-fade fg-hover-zoom fg-ready\" id=\"foogallery-gallery-565\" data-foogallery=\"{&quot;item&quot;:{&quot;showCaptionTitle&quot;:true,&quot;showCaptionDescription&quot;:true},&quot;lazy&quot;:true}\" >\r\n\t<div class=\"fg-item fg-type-image fg-idle\"><figure class=\"fg-item-inner\"><a href=\"https:\/\/schumacher-architektur.de\/wp-content\/uploads\/2017\/04\/Stra\u00dfeansicht_Q_vorher-scaled.jpg\" data-caption-title=\"dav\" data-attachment-id=\"678\" class=\"fg-thumb\"><span class=\"fg-image-wrap\"><img alt=\"Ansicht Bestand\" title=\"dav\" width=\"150\" height=\"150\" class=\"skip-lazy fg-image\" data-src-fg=\"https:\/\/schumacher-architektur.de\/wp-content\/uploads\/cache\/2017\/04\/Stra\u00dfeansicht_Q_vorher-scaled\/1483904893.jpg\" src=\"data:image\/svg+xml,%3Csvg%20xmlns%3D%22http%3A%2F%2Fwww.w3.org%2F2000%2Fsvg%22%20width%3D%22150%22%20height%3D%22150%22%20viewBox%3D%220%200%20150%20150%22%3E%3C%2Fsvg%3E\" loading=\"eager\"><\/span><span class=\"fg-image-overlay\"><\/span><\/a><figcaption class=\"fg-caption\"><div class=\"fg-caption-inner\"><div class=\"fg-caption-title\">dav<\/div><\/div><\/figcaption><\/figure><div class=\"fg-loader\"><\/div><\/div><div class=\"fg-item fg-type-image fg-idle\"><figure class=\"fg-item-inner\"><a href=\"https:\/\/schumacher-architektur.de\/wp-content\/uploads\/2017\/04\/Haupthaus_Q_Ger\u00fcst-scaled.jpg\" data-attachment-id=\"673\" class=\"fg-thumb\"><span class=\"fg-image-wrap\"><img alt=\"Bestand\" width=\"150\" height=\"150\" class=\"skip-lazy fg-image\" data-src-fg=\"https:\/\/schumacher-architektur.de\/wp-content\/uploads\/cache\/2017\/04\/Haupthaus_Q_Ger\u00fcst-scaled\/2463712866.jpg\" src=\"data:image\/svg+xml,%3Csvg%20xmlns%3D%22http%3A%2F%2Fwww.w3.org%2F2000%2Fsvg%22%20width%3D%22150%22%20height%3D%22150%22%20viewBox%3D%220%200%20150%20150%22%3E%3C%2Fsvg%3E\" loading=\"eager\"><\/span><span class=\"fg-image-overlay\"><\/span><\/a><figcaption class=\"fg-caption\"><div class=\"fg-caption-inner\"><\/div><\/figcaption><\/figure><div class=\"fg-loader\"><\/div><\/div><div class=\"fg-item fg-type-image fg-idle\"><figure class=\"fg-item-inner\"><a href=\"https:\/\/schumacher-architektur.de\/wp-content\/uploads\/2017\/04\/Halle_Q_Haus_alt-scaled.jpg\" data-attachment-id=\"674\" class=\"fg-thumb\"><span class=\"fg-image-wrap\"><img alt=\"Anbau Halle\" width=\"150\" height=\"150\" class=\"skip-lazy fg-image\" data-src-fg=\"https:\/\/schumacher-architektur.de\/wp-content\/uploads\/cache\/2017\/04\/Halle_Q_Haus_alt-scaled\/3117834163.jpg\" src=\"data:image\/svg+xml,%3Csvg%20xmlns%3D%22http%3A%2F%2Fwww.w3.org%2F2000%2Fsvg%22%20width%3D%22150%22%20height%3D%22150%22%20viewBox%3D%220%200%20150%20150%22%3E%3C%2Fsvg%3E\" loading=\"eager\"><\/span><span class=\"fg-image-overlay\"><\/span><\/a><figcaption class=\"fg-caption\"><div class=\"fg-caption-inner\"><\/div><\/figcaption><\/figure><div class=\"fg-loader\"><\/div><\/div><div class=\"fg-item fg-type-image fg-idle\"><figure class=\"fg-item-inner\"><a href=\"https:\/\/schumacher-architektur.de\/wp-content\/uploads\/2017\/04\/Ansicht_Einfahrt_Q-scaled.jpg\" data-attachment-id=\"675\" class=\"fg-thumb\"><span class=\"fg-image-wrap\"><img alt=\"Umbau\" width=\"150\" height=\"150\" class=\"skip-lazy fg-image\" data-src-fg=\"https:\/\/schumacher-architektur.de\/wp-content\/uploads\/cache\/2017\/04\/Ansicht_Einfahrt_Q-scaled\/4161358901.jpg\" src=\"data:image\/svg+xml,%3Csvg%20xmlns%3D%22http%3A%2F%2Fwww.w3.org%2F2000%2Fsvg%22%20width%3D%22150%22%20height%3D%22150%22%20viewBox%3D%220%200%20150%20150%22%3E%3C%2Fsvg%3E\" loading=\"eager\"><\/span><span class=\"fg-image-overlay\"><\/span><\/a><figcaption class=\"fg-caption\"><div class=\"fg-caption-inner\"><\/div><\/figcaption><\/figure><div class=\"fg-loader\"><\/div><\/div><div class=\"fg-item fg-type-image fg-idle\"><figure class=\"fg-item-inner\"><a href=\"https:\/\/schumacher-architektur.de\/wp-content\/uploads\/2017\/04\/Front_Q_komplett-ohne-Logo-scaled.jpg\" data-attachment-id=\"679\" class=\"fg-thumb\"><span class=\"fg-image-wrap\"><img alt=\"Ansicht\" width=\"150\" height=\"150\" class=\"skip-lazy fg-image\" data-src-fg=\"https:\/\/schumacher-architektur.de\/wp-content\/uploads\/cache\/2017\/04\/Front_Q_komplett-ohne-Logo-scaled\/2023225535.jpg\" src=\"data:image\/svg+xml,%3Csvg%20xmlns%3D%22http%3A%2F%2Fwww.w3.org%2F2000%2Fsvg%22%20width%3D%22150%22%20height%3D%22150%22%20viewBox%3D%220%200%20150%20150%22%3E%3C%2Fsvg%3E\" loading=\"eager\"><\/span><span class=\"fg-image-overlay\"><\/span><\/a><figcaption class=\"fg-caption\"><div class=\"fg-caption-inner\"><\/div><\/figcaption><\/figure><div class=\"fg-loader\"><\/div><\/div><div class=\"fg-item fg-type-image fg-idle\"><figure class=\"fg-item-inner\"><a href=\"https:\/\/schumacher-architektur.de\/wp-content\/uploads\/2017\/04\/Eingang_WEs_Q-scaled.jpg\" data-attachment-id=\"677\" class=\"fg-thumb\"><span class=\"fg-image-wrap\"><img alt=\"Ansicht Umbau\" width=\"150\" height=\"150\" class=\"skip-lazy fg-image\" data-src-fg=\"https:\/\/schumacher-architektur.de\/wp-content\/uploads\/cache\/2017\/04\/Eingang_WEs_Q-scaled\/684502506.jpg\" src=\"data:image\/svg+xml,%3Csvg%20xmlns%3D%22http%3A%2F%2Fwww.w3.org%2F2000%2Fsvg%22%20width%3D%22150%22%20height%3D%22150%22%20viewBox%3D%220%200%20150%20150%22%3E%3C%2Fsvg%3E\" loading=\"eager\"><\/span><span class=\"fg-image-overlay\"><\/span><\/a><figcaption class=\"fg-caption\"><div class=\"fg-caption-inner\"><\/div><\/figcaption><\/figure><div class=\"fg-loader\"><\/div><\/div><\/div>\r\n<\/div>\n\t\t<\/div><div id=\"panel-509-1-0-1\" class=\"so-panel widget widget_text\" data-index=\"4\" >\t\t\t<div class=\"textwidget\"><style type=\"text\/css\">\r\n\t#foogallery-gallery-574 .fg-image {\r\n        width: 150px;\r\n    }\r\n<\/style>\r\n\t\t\t\t<div class=\"foogallery foogallery-container foogallery-default foogallery-lightbox-foobox fg-gutter-10 fg-center fg-default fg-light fg-border-thin fg-shadow-outline fg-loading-default fg-loaded-fade-in fg-caption-hover fg-hover-fade fg-hover-zoom fg-ready\" id=\"foogallery-gallery-574\" data-foogallery=\"{&quot;item&quot;:{&quot;showCaptionTitle&quot;:true,&quot;showCaptionDescription&quot;:true},&quot;lazy&quot;:true}\" >\r\n\t<div class=\"fg-item fg-type-image fg-idle\"><figure class=\"fg-item-inner\"><a href=\"https:\/\/schumacher-architektur.de\/wp-content\/uploads\/2017\/04\/FahrO_Bestand-scaled.jpg\" data-caption-title=\"Ansicht\" data-attachment-id=\"669\" class=\"fg-thumb\"><span class=\"fg-image-wrap\"><img title=\"Ansicht\" width=\"150\" height=\"150\" class=\"skip-lazy fg-image\" data-src-fg=\"https:\/\/schumacher-architektur.de\/wp-content\/uploads\/cache\/2017\/04\/FahrO_Bestand-scaled\/3558875323.jpg\" src=\"data:image\/svg+xml,%3Csvg%20xmlns%3D%22http%3A%2F%2Fwww.w3.org%2F2000%2Fsvg%22%20width%3D%22150%22%20height%3D%22150%22%20viewBox%3D%220%200%20150%20150%22%3E%3C%2Fsvg%3E\" loading=\"eager\"><\/span><span class=\"fg-image-overlay\"><\/span><\/a><figcaption class=\"fg-caption\"><div class=\"fg-caption-inner\"><div class=\"fg-caption-title\">Ansicht<\/div><\/div><\/figcaption><\/figure><div class=\"fg-loader\"><\/div><\/div><div class=\"fg-item fg-type-image fg-idle\"><figure class=\"fg-item-inner\"><a href=\"https:\/\/schumacher-architektur.de\/wp-content\/uploads\/2017\/04\/FahrO_Ansicht_Nordwest.jpg\" data-attachment-id=\"671\" class=\"fg-thumb\"><span class=\"fg-image-wrap\"><img alt=\"Ansicht\" width=\"150\" height=\"150\" class=\"skip-lazy fg-image\" data-src-fg=\"https:\/\/schumacher-architektur.de\/wp-content\/uploads\/cache\/2017\/04\/FahrO_Ansicht_Nordwest\/3229750267.jpg\" src=\"data:image\/svg+xml,%3Csvg%20xmlns%3D%22http%3A%2F%2Fwww.w3.org%2F2000%2Fsvg%22%20width%3D%22150%22%20height%3D%22150%22%20viewBox%3D%220%200%20150%20150%22%3E%3C%2Fsvg%3E\" loading=\"eager\"><\/span><span class=\"fg-image-overlay\"><\/span><\/a><figcaption class=\"fg-caption\"><div class=\"fg-caption-inner\"><\/div><\/figcaption><\/figure><div class=\"fg-loader\"><\/div><\/div><div class=\"fg-item fg-type-image fg-idle\"><figure class=\"fg-item-inner\"><a href=\"https:\/\/schumacher-architektur.de\/wp-content\/uploads\/2017\/04\/FahrO_Giebelansicht.jpg\" data-attachment-id=\"670\" class=\"fg-thumb\"><span class=\"fg-image-wrap\"><img alt=\"Ansicht\" width=\"150\" height=\"150\" class=\"skip-lazy fg-image\" data-src-fg=\"https:\/\/schumacher-architektur.de\/wp-content\/uploads\/cache\/2017\/04\/FahrO_Giebelansicht\/132093388.jpg\" src=\"data:image\/svg+xml,%3Csvg%20xmlns%3D%22http%3A%2F%2Fwww.w3.org%2F2000%2Fsvg%22%20width%3D%22150%22%20height%3D%22150%22%20viewBox%3D%220%200%20150%20150%22%3E%3C%2Fsvg%3E\" loading=\"eager\"><\/span><span class=\"fg-image-overlay\"><\/span><\/a><figcaption class=\"fg-caption\"><div class=\"fg-caption-inner\"><\/div><\/figcaption><\/figure><div class=\"fg-loader\"><\/div><\/div><div class=\"fg-item fg-type-image fg-idle\"><figure class=\"fg-item-inner\"><a href=\"https:\/\/schumacher-architektur.de\/wp-content\/uploads\/2017\/04\/160704_AnsS\u00fcd.pdf\" data-attachment-id=\"686\" class=\"fg-thumb\"><span class=\"fg-image-wrap\"><img width=\"150\" height=\"150\" class=\"skip-lazy fg-image\" data-src-fg=\"https:\/\/schumacher-architektur.de\/wp-content\/uploads\/2017\/04\/160704_AnsS\u00fcd.pdf\" src=\"data:image\/svg+xml,%3Csvg%20xmlns%3D%22http%3A%2F%2Fwww.w3.org%2F2000%2Fsvg%22%20width%3D%22150%22%20height%3D%22150%22%20viewBox%3D%220%200%20150%20150%22%3E%3C%2Fsvg%3E\" loading=\"eager\"><\/span><span class=\"fg-image-overlay\"><\/span><\/a><figcaption class=\"fg-caption\"><div class=\"fg-caption-inner\"><\/div><\/figcaption><\/figure><div class=\"fg-loader\"><\/div><\/div><\/div>\r\n<\/div>\n\t\t<\/div><div id=\"panel-509-1-0-2\" class=\"so-panel widget widget_text\" data-index=\"5\" >\t\t\t<div class=\"textwidget\"><style type=\"text\/css\">\r\n\t#foogallery-gallery-583 .fg-image {\r\n        width: 150px;\r\n    }\r\n<\/style>\r\n\t\t\t\t<div class=\"foogallery foogallery-container foogallery-default foogallery-lightbox-foobox fg-gutter-10 fg-center fg-default fg-light fg-border-thin fg-shadow-outline fg-loading-default fg-loaded-fade-in fg-caption-hover fg-hover-fade fg-hover-zoom fg-ready\" id=\"foogallery-gallery-583\" data-foogallery=\"{&quot;item&quot;:{&quot;showCaptionTitle&quot;:true,&quot;showCaptionDescription&quot;:true},&quot;lazy&quot;:true}\" >\r\n\t<div class=\"fg-item fg-type-image fg-idle\"><figure class=\"fg-item-inner\"><a href=\"https:\/\/schumacher-architektur.de\/wp-content\/uploads\/2017\/04\/b348143.jpeg\" data-caption-title=\"ausf\u00fchrung\" data-attachment-id=\"578\" class=\"fg-thumb\"><span class=\"fg-image-wrap\"><img title=\"ausf\u00fchrung\" width=\"150\" height=\"150\" class=\"skip-lazy fg-image\" data-src-fg=\"https:\/\/schumacher-architektur.de\/wp-content\/uploads\/cache\/2017\/04\/b348143\/1623854784.jpeg\" src=\"data:image\/svg+xml,%3Csvg%20xmlns%3D%22http%3A%2F%2Fwww.w3.org%2F2000%2Fsvg%22%20width%3D%22150%22%20height%3D%22150%22%20viewBox%3D%220%200%20150%20150%22%3E%3C%2Fsvg%3E\" loading=\"eager\"><\/span><span class=\"fg-image-overlay\"><\/span><\/a><figcaption class=\"fg-caption\"><div class=\"fg-caption-inner\"><div class=\"fg-caption-title\">ausf\u00fchrung<\/div><\/div><\/figcaption><\/figure><div class=\"fg-loader\"><\/div><\/div><div class=\"fg-item fg-type-image fg-idle\"><figure class=\"fg-item-inner\"><a href=\"https:\/\/schumacher-architektur.de\/wp-content\/uploads\/2017\/04\/3bbda0.jpeg\" data-caption-title=\"fertigstellung\" data-attachment-id=\"576\" class=\"fg-thumb\"><span class=\"fg-image-wrap\"><img title=\"fertigstellung\" width=\"150\" height=\"150\" class=\"skip-lazy fg-image\" data-src-fg=\"https:\/\/schumacher-architektur.de\/wp-content\/uploads\/cache\/2017\/04\/3bbda0\/2648301934.jpeg\" src=\"data:image\/svg+xml,%3Csvg%20xmlns%3D%22http%3A%2F%2Fwww.w3.org%2F2000%2Fsvg%22%20width%3D%22150%22%20height%3D%22150%22%20viewBox%3D%220%200%20150%20150%22%3E%3C%2Fsvg%3E\" loading=\"eager\"><\/span><span class=\"fg-image-overlay\"><\/span><\/a><figcaption class=\"fg-caption\"><div class=\"fg-caption-inner\"><div class=\"fg-caption-title\">fertigstellung<\/div><\/div><\/figcaption><\/figure><div class=\"fg-loader\"><\/div><\/div><div class=\"fg-item fg-type-image fg-idle\"><figure class=\"fg-item-inner\"><a href=\"https:\/\/schumacher-architektur.de\/wp-content\/uploads\/2017\/04\/31c7783-1.jpeg\" data-caption-title=\"fertigstellung\" data-attachment-id=\"577\" class=\"fg-thumb\"><span class=\"fg-image-wrap\"><img title=\"fertigstellung\" width=\"150\" height=\"150\" class=\"skip-lazy fg-image\" data-src-fg=\"https:\/\/schumacher-architektur.de\/wp-content\/uploads\/cache\/2017\/04\/31c7783-1\/1977873510.jpeg\" src=\"data:image\/svg+xml,%3Csvg%20xmlns%3D%22http%3A%2F%2Fwww.w3.org%2F2000%2Fsvg%22%20width%3D%22150%22%20height%3D%22150%22%20viewBox%3D%220%200%20150%20150%22%3E%3C%2Fsvg%3E\" loading=\"eager\"><\/span><span class=\"fg-image-overlay\"><\/span><\/a><figcaption class=\"fg-caption\"><div class=\"fg-caption-inner\"><div class=\"fg-caption-title\">fertigstellung<\/div><\/div><\/figcaption><\/figure><div class=\"fg-loader\"><\/div><\/div><div class=\"fg-item fg-type-image fg-idle\"><figure class=\"fg-item-inner\"><a href=\"https:\/\/schumacher-architektur.de\/wp-content\/uploads\/2017\/04\/751df2a.jpeg\" data-caption-title=\"fertigstellung\" data-attachment-id=\"616\" class=\"fg-thumb\"><span class=\"fg-image-wrap\"><img title=\"fertigstellung\" width=\"150\" height=\"150\" class=\"skip-lazy fg-image\" data-src-fg=\"https:\/\/schumacher-architektur.de\/wp-content\/uploads\/cache\/2017\/04\/751df2a\/1259548022.jpeg\" src=\"data:image\/svg+xml,%3Csvg%20xmlns%3D%22http%3A%2F%2Fwww.w3.org%2F2000%2Fsvg%22%20width%3D%22150%22%20height%3D%22150%22%20viewBox%3D%220%200%20150%20150%22%3E%3C%2Fsvg%3E\" loading=\"eager\"><\/span><span class=\"fg-image-overlay\"><\/span><\/a><figcaption class=\"fg-caption\"><div class=\"fg-caption-inner\"><div class=\"fg-caption-title\">fertigstellung<\/div><\/div><\/figcaption><\/figure><div class=\"fg-loader\"><\/div><\/div><div class=\"fg-item fg-type-image fg-idle\"><figure class=\"fg-item-inner\"><a href=\"https:\/\/schumacher-architektur.de\/wp-content\/uploads\/2017\/04\/cd4e8dc-1.jpeg\" data-caption-title=\"fertigstellung\" data-attachment-id=\"617\" class=\"fg-thumb\"><span class=\"fg-image-wrap\"><img title=\"fertigstellung\" width=\"150\" height=\"150\" class=\"skip-lazy fg-image\" data-src-fg=\"https:\/\/schumacher-architektur.de\/wp-content\/uploads\/cache\/2017\/04\/cd4e8dc-1\/2798476342.jpeg\" src=\"data:image\/svg+xml,%3Csvg%20xmlns%3D%22http%3A%2F%2Fwww.w3.org%2F2000%2Fsvg%22%20width%3D%22150%22%20height%3D%22150%22%20viewBox%3D%220%200%20150%20150%22%3E%3C%2Fsvg%3E\" loading=\"eager\"><\/span><span class=\"fg-image-overlay\"><\/span><\/a><figcaption class=\"fg-caption\"><div class=\"fg-caption-inner\"><div class=\"fg-caption-title\">fertigstellung<\/div><\/div><\/figcaption><\/figure><div class=\"fg-loader\"><\/div><\/div><\/div>\r\n<\/div>\n\t\t<\/div><div id=\"panel-509-1-0-3\" class=\"so-panel widget widget_text\" data-index=\"6\" >\t\t\t<div class=\"textwidget\"><style type=\"text\/css\">\r\n\t#foogallery-gallery-585 .fg-image {\r\n        width: 150px;\r\n    }\r\n<\/style>\r\n\t\t\t\t<div class=\"foogallery foogallery-container foogallery-default foogallery-lightbox-foobox fg-gutter-10 fg-center fg-default fg-light fg-border-thin fg-shadow-outline fg-loading-default fg-loaded-fade-in fg-caption-hover fg-hover-fade fg-hover-zoom fg-ready\" id=\"foogallery-gallery-585\" data-foogallery=\"{&quot;item&quot;:{&quot;showCaptionTitle&quot;:true,&quot;showCaptionDescription&quot;:true},&quot;lazy&quot;:true}\" >\r\n\t<div class=\"fg-item fg-type-image fg-idle\"><figure class=\"fg-item-inner\"><a href=\"https:\/\/schumacher-architektur.de\/wp-content\/uploads\/2017\/04\/8bb46d.jpeg\" data-caption-title=\"bestand\" data-attachment-id=\"580\" class=\"fg-thumb\"><span class=\"fg-image-wrap\"><img title=\"bestand\" width=\"150\" height=\"150\" class=\"skip-lazy fg-image\" data-src-fg=\"https:\/\/schumacher-architektur.de\/wp-content\/uploads\/cache\/2017\/04\/8bb46d\/2210546824.jpeg\" src=\"data:image\/svg+xml,%3Csvg%20xmlns%3D%22http%3A%2F%2Fwww.w3.org%2F2000%2Fsvg%22%20width%3D%22150%22%20height%3D%22150%22%20viewBox%3D%220%200%20150%20150%22%3E%3C%2Fsvg%3E\" loading=\"eager\"><\/span><span class=\"fg-image-overlay\"><\/span><\/a><figcaption class=\"fg-caption\"><div class=\"fg-caption-inner\"><div class=\"fg-caption-title\">bestand<\/div><\/div><\/figcaption><\/figure><div class=\"fg-loader\"><\/div><\/div><div class=\"fg-item fg-type-image fg-idle\"><figure class=\"fg-item-inner\"><a href=\"https:\/\/schumacher-architektur.de\/wp-content\/uploads\/2017\/04\/3f467843.jpeg\" data-caption-title=\"bestand\" data-attachment-id=\"579\" class=\"fg-thumb\"><span class=\"fg-image-wrap\"><img title=\"bestand\" width=\"150\" height=\"150\" class=\"skip-lazy fg-image\" data-src-fg=\"https:\/\/schumacher-architektur.de\/wp-content\/uploads\/cache\/2017\/04\/3f467843\/2031184931.jpeg\" src=\"data:image\/svg+xml,%3Csvg%20xmlns%3D%22http%3A%2F%2Fwww.w3.org%2F2000%2Fsvg%22%20width%3D%22150%22%20height%3D%22150%22%20viewBox%3D%220%200%20150%20150%22%3E%3C%2Fsvg%3E\" loading=\"eager\"><\/span><span class=\"fg-image-overlay\"><\/span><\/a><figcaption class=\"fg-caption\"><div class=\"fg-caption-inner\"><div class=\"fg-caption-title\">bestand<\/div><\/div><\/figcaption><\/figure><div class=\"fg-loader\"><\/div><\/div><div class=\"fg-item fg-type-image fg-idle\"><figure class=\"fg-item-inner\"><a href=\"https:\/\/schumacher-architektur.de\/wp-content\/uploads\/2017\/04\/a5e122c.jpeg\" data-caption-title=\"planung\" data-attachment-id=\"582\" class=\"fg-thumb\"><span class=\"fg-image-wrap\"><img title=\"planung\" width=\"150\" height=\"150\" class=\"skip-lazy fg-image\" data-src-fg=\"https:\/\/schumacher-architektur.de\/wp-content\/uploads\/cache\/2017\/04\/a5e122c\/595139408.jpeg\" src=\"data:image\/svg+xml,%3Csvg%20xmlns%3D%22http%3A%2F%2Fwww.w3.org%2F2000%2Fsvg%22%20width%3D%22150%22%20height%3D%22150%22%20viewBox%3D%220%200%20150%20150%22%3E%3C%2Fsvg%3E\" loading=\"eager\"><\/span><span class=\"fg-image-overlay\"><\/span><\/a><figcaption class=\"fg-caption\"><div class=\"fg-caption-inner\"><div class=\"fg-caption-title\">planung<\/div><\/div><\/figcaption><\/figure><div class=\"fg-loader\"><\/div><\/div><div class=\"fg-item fg-type-image fg-idle\"><figure class=\"fg-item-inner\"><a href=\"https:\/\/schumacher-architektur.de\/wp-content\/uploads\/2017\/04\/811d1149-1.jpeg\" data-caption-title=\"fertigstellung\" data-attachment-id=\"581\" class=\"fg-thumb\"><span class=\"fg-image-wrap\"><img title=\"fertigstellung\" width=\"150\" height=\"150\" class=\"skip-lazy fg-image\" data-src-fg=\"https:\/\/schumacher-architektur.de\/wp-content\/uploads\/cache\/2017\/04\/811d1149-1\/3165887076.jpeg\" src=\"data:image\/svg+xml,%3Csvg%20xmlns%3D%22http%3A%2F%2Fwww.w3.org%2F2000%2Fsvg%22%20width%3D%22150%22%20height%3D%22150%22%20viewBox%3D%220%200%20150%20150%22%3E%3C%2Fsvg%3E\" loading=\"eager\"><\/span><span class=\"fg-image-overlay\"><\/span><\/a><figcaption class=\"fg-caption\"><div class=\"fg-caption-inner\"><div class=\"fg-caption-title\">fertigstellung<\/div><\/div><\/figcaption><\/figure><div class=\"fg-loader\"><\/div><\/div><\/div>\r\n<\/div>\n\t\t<\/div><div id=\"panel-509-1-0-4\" class=\"so-panel widget widget_text\" data-index=\"7\" >\t\t\t<div class=\"textwidget\"><style type=\"text\/css\">\r\n\t#foogallery-gallery-590 .fg-image {\r\n        width: 150px;\r\n    }\r\n<\/style>\r\n\t\t\t\t<div class=\"foogallery foogallery-container foogallery-default foogallery-lightbox-foobox fg-gutter-10 fg-center fg-default fg-light fg-border-thin fg-shadow-outline fg-loading-default fg-loaded-fade-in fg-caption-hover fg-hover-fade fg-hover-zoom fg-ready\" id=\"foogallery-gallery-590\" data-foogallery=\"{&quot;item&quot;:{&quot;showCaptionTitle&quot;:true,&quot;showCaptionDescription&quot;:true},&quot;lazy&quot;:true}\" >\r\n\t<div class=\"fg-item fg-type-image fg-idle\"><figure class=\"fg-item-inner\"><a href=\"https:\/\/schumacher-architektur.de\/wp-content\/uploads\/2017\/04\/718a60-1.jpeg\" data-caption-title=\"fertigstellung\" data-attachment-id=\"588\" class=\"fg-thumb\"><span class=\"fg-image-wrap\"><img title=\"fertigstellung\" width=\"150\" height=\"150\" class=\"skip-lazy fg-image\" data-src-fg=\"https:\/\/schumacher-architektur.de\/wp-content\/uploads\/cache\/2017\/04\/718a60-1\/2047595131.jpeg\" src=\"data:image\/svg+xml,%3Csvg%20xmlns%3D%22http%3A%2F%2Fwww.w3.org%2F2000%2Fsvg%22%20width%3D%22150%22%20height%3D%22150%22%20viewBox%3D%220%200%20150%20150%22%3E%3C%2Fsvg%3E\" loading=\"eager\"><\/span><span class=\"fg-image-overlay\"><\/span><\/a><figcaption class=\"fg-caption\"><div class=\"fg-caption-inner\"><div class=\"fg-caption-title\">fertigstellung<\/div><\/div><\/figcaption><\/figure><div class=\"fg-loader\"><\/div><\/div><div class=\"fg-item fg-type-image fg-idle\"><figure class=\"fg-item-inner\"><a href=\"https:\/\/schumacher-architektur.de\/wp-content\/uploads\/2017\/04\/fd9d858.jpeg\" data-caption-title=\"fertigstellung\" data-attachment-id=\"589\" class=\"fg-thumb\"><span class=\"fg-image-wrap\"><img title=\"fertigstellung\" width=\"150\" height=\"150\" class=\"skip-lazy fg-image\" data-src-fg=\"https:\/\/schumacher-architektur.de\/wp-content\/uploads\/cache\/2017\/04\/fd9d858\/837134402.jpeg\" src=\"data:image\/svg+xml,%3Csvg%20xmlns%3D%22http%3A%2F%2Fwww.w3.org%2F2000%2Fsvg%22%20width%3D%22150%22%20height%3D%22150%22%20viewBox%3D%220%200%20150%20150%22%3E%3C%2Fsvg%3E\" loading=\"eager\"><\/span><span class=\"fg-image-overlay\"><\/span><\/a><figcaption class=\"fg-caption\"><div class=\"fg-caption-inner\"><div class=\"fg-caption-title\">fertigstellung<\/div><\/div><\/figcaption><\/figure><div class=\"fg-loader\"><\/div><\/div><\/div>\r\n<\/div>\n\t\t<\/div><div id=\"panel-509-1-0-5\" class=\"so-panel widget widget_text\" data-index=\"8\" >\t\t\t<div class=\"textwidget\"><style type=\"text\/css\">\r\n\t#foogallery-gallery-596 .fg-image {\r\n        width: 150px;\r\n    }\r\n<\/style>\r\n\t\t\t\t<div class=\"foogallery foogallery-container foogallery-default foogallery-lightbox-foobox fg-gutter-10 fg-center fg-default fg-light fg-border-thin fg-shadow-outline fg-loading-default fg-loaded-fade-in fg-caption-hover fg-hover-fade fg-hover-zoom fg-ready\" id=\"foogallery-gallery-596\" data-foogallery=\"{&quot;item&quot;:{&quot;showCaptionTitle&quot;:true,&quot;showCaptionDescription&quot;:true},&quot;lazy&quot;:true}\" >\r\n\t<div class=\"fg-item fg-type-image fg-idle\"><figure class=\"fg-item-inner\"><a href=\"https:\/\/schumacher-architektur.de\/wp-content\/uploads\/2017\/04\/1b1a7d1.jpeg\" data-caption-title=\"bestand\" data-attachment-id=\"592\" class=\"fg-thumb\"><span class=\"fg-image-wrap\"><img title=\"bestand\" width=\"150\" height=\"150\" class=\"skip-lazy fg-image\" data-src-fg=\"https:\/\/schumacher-architektur.de\/wp-content\/uploads\/cache\/2017\/04\/1b1a7d1\/1083838879.jpeg\" src=\"data:image\/svg+xml,%3Csvg%20xmlns%3D%22http%3A%2F%2Fwww.w3.org%2F2000%2Fsvg%22%20width%3D%22150%22%20height%3D%22150%22%20viewBox%3D%220%200%20150%20150%22%3E%3C%2Fsvg%3E\" loading=\"eager\"><\/span><span class=\"fg-image-overlay\"><\/span><\/a><figcaption class=\"fg-caption\"><div class=\"fg-caption-inner\"><div class=\"fg-caption-title\">bestand<\/div><\/div><\/figcaption><\/figure><div class=\"fg-loader\"><\/div><\/div><div class=\"fg-item fg-type-image fg-idle\"><figure class=\"fg-item-inner\"><a href=\"https:\/\/schumacher-architektur.de\/wp-content\/uploads\/2017\/04\/a79692ab0d.jpeg\" data-caption-title=\"bestand\" data-attachment-id=\"593\" class=\"fg-thumb\"><span class=\"fg-image-wrap\"><img title=\"bestand\" width=\"150\" height=\"150\" class=\"skip-lazy fg-image\" data-src-fg=\"https:\/\/schumacher-architektur.de\/wp-content\/uploads\/cache\/2017\/04\/a79692ab0d\/2890396091.jpeg\" src=\"data:image\/svg+xml,%3Csvg%20xmlns%3D%22http%3A%2F%2Fwww.w3.org%2F2000%2Fsvg%22%20width%3D%22150%22%20height%3D%22150%22%20viewBox%3D%220%200%20150%20150%22%3E%3C%2Fsvg%3E\" loading=\"eager\"><\/span><span class=\"fg-image-overlay\"><\/span><\/a><figcaption class=\"fg-caption\"><div class=\"fg-caption-inner\"><div class=\"fg-caption-title\">bestand<\/div><\/div><\/figcaption><\/figure><div class=\"fg-loader\"><\/div><\/div><div class=\"fg-item fg-type-image fg-idle\"><figure class=\"fg-item-inner\"><a href=\"https:\/\/schumacher-architektur.de\/wp-content\/uploads\/2017\/04\/f861bff.jpeg\" data-caption-title=\"fertigstellung\" data-attachment-id=\"594\" class=\"fg-thumb\"><span class=\"fg-image-wrap\"><img title=\"fertigstellung\" width=\"150\" height=\"150\" class=\"skip-lazy fg-image\" data-src-fg=\"https:\/\/schumacher-architektur.de\/wp-content\/uploads\/cache\/2017\/04\/f861bff\/812336611.jpeg\" src=\"data:image\/svg+xml,%3Csvg%20xmlns%3D%22http%3A%2F%2Fwww.w3.org%2F2000%2Fsvg%22%20width%3D%22150%22%20height%3D%22150%22%20viewBox%3D%220%200%20150%20150%22%3E%3C%2Fsvg%3E\" loading=\"eager\"><\/span><span class=\"fg-image-overlay\"><\/span><\/a><figcaption class=\"fg-caption\"><div class=\"fg-caption-inner\"><div class=\"fg-caption-title\">fertigstellung<\/div><\/div><\/figcaption><\/figure><div class=\"fg-loader\"><\/div><\/div><div class=\"fg-item fg-type-image fg-idle\"><figure class=\"fg-item-inner\"><a href=\"https:\/\/schumacher-architektur.de\/wp-content\/uploads\/2017\/04\/f861ca7-1.jpeg\" data-caption-title=\"fertigstellung\" data-attachment-id=\"595\" class=\"fg-thumb\"><span class=\"fg-image-wrap\"><img title=\"fertigstellung\" width=\"150\" height=\"150\" class=\"skip-lazy fg-image\" data-src-fg=\"https:\/\/schumacher-architektur.de\/wp-content\/uploads\/cache\/2017\/04\/f861ca7-1\/1884037687.jpeg\" src=\"data:image\/svg+xml,%3Csvg%20xmlns%3D%22http%3A%2F%2Fwww.w3.org%2F2000%2Fsvg%22%20width%3D%22150%22%20height%3D%22150%22%20viewBox%3D%220%200%20150%20150%22%3E%3C%2Fsvg%3E\" loading=\"eager\"><\/span><span class=\"fg-image-overlay\"><\/span><\/a><figcaption class=\"fg-caption\"><div class=\"fg-caption-inner\"><div class=\"fg-caption-title\">fertigstellung<\/div><\/div><\/figcaption><\/figure><div class=\"fg-loader\"><\/div><\/div><\/div>\r\n<\/div>\n\t\t<\/div><div id=\"panel-509-1-0-6\" class=\"so-panel widget widget_text panel-last-child\" data-index=\"9\" >\t\t\t<div class=\"textwidget\"><style type=\"text\/css\">\r\n\t#foogallery-gallery-601 .fg-image {\r\n        width: 150px;\r\n    }\r\n<\/style>\r\n\t\t\t\t<div class=\"foogallery foogallery-container foogallery-default foogallery-lightbox-foobox fg-gutter-10 fg-center fg-default fg-light fg-border-thin fg-shadow-outline fg-loading-default fg-loaded-fade-in fg-caption-hover fg-hover-fade fg-hover-zoom fg-ready\" id=\"foogallery-gallery-601\" data-foogallery=\"{&quot;item&quot;:{&quot;showCaptionTitle&quot;:true,&quot;showCaptionDescription&quot;:true},&quot;lazy&quot;:true}\" >\r\n\t<div class=\"fg-item fg-type-image fg-idle\"><figure class=\"fg-item-inner\"><a href=\"https:\/\/schumacher-architektur.de\/wp-content\/uploads\/2017\/04\/KN_Bestand.jpg\" data-attachment-id=\"717\" class=\"fg-thumb\"><span class=\"fg-image-wrap\"><img width=\"150\" height=\"150\" class=\"skip-lazy fg-image\" data-src-fg=\"https:\/\/schumacher-architektur.de\/wp-content\/uploads\/cache\/2017\/04\/KN_Bestand\/1917567642.jpg\" src=\"data:image\/svg+xml,%3Csvg%20xmlns%3D%22http%3A%2F%2Fwww.w3.org%2F2000%2Fsvg%22%20width%3D%22150%22%20height%3D%22150%22%20viewBox%3D%220%200%20150%20150%22%3E%3C%2Fsvg%3E\" loading=\"eager\"><\/span><span class=\"fg-image-overlay\"><\/span><\/a><figcaption class=\"fg-caption\"><div class=\"fg-caption-inner\"><\/div><\/figcaption><\/figure><div class=\"fg-loader\"><\/div><\/div><div class=\"fg-item fg-type-image fg-idle\"><figure class=\"fg-item-inner\"><a href=\"https:\/\/schumacher-architektur.de\/wp-content\/uploads\/2017\/04\/KN_stra\u00dfe.jpg\" data-attachment-id=\"723\" class=\"fg-thumb\"><span class=\"fg-image-wrap\"><img width=\"150\" height=\"150\" class=\"skip-lazy fg-image\" data-src-fg=\"https:\/\/schumacher-architektur.de\/wp-content\/uploads\/cache\/2017\/04\/KN_stra\u00dfe\/4076032034.jpg\" src=\"data:image\/svg+xml,%3Csvg%20xmlns%3D%22http%3A%2F%2Fwww.w3.org%2F2000%2Fsvg%22%20width%3D%22150%22%20height%3D%22150%22%20viewBox%3D%220%200%20150%20150%22%3E%3C%2Fsvg%3E\" loading=\"eager\"><\/span><span class=\"fg-image-overlay\"><\/span><\/a><figcaption class=\"fg-caption\"><div class=\"fg-caption-inner\"><\/div><\/figcaption><\/figure><div class=\"fg-loader\"><\/div><\/div><div class=\"fg-item fg-type-image fg-idle\"><figure class=\"fg-item-inner\"><a href=\"https:\/\/schumacher-architektur.de\/wp-content\/uploads\/2017\/04\/KN_Ger\u00fcst.jpg\" data-attachment-id=\"720\" class=\"fg-thumb\"><span class=\"fg-image-wrap\"><img width=\"150\" height=\"150\" class=\"skip-lazy fg-image\" data-src-fg=\"https:\/\/schumacher-architektur.de\/wp-content\/uploads\/cache\/2017\/04\/KN_Ger\u00fcst\/1352262396.jpg\" src=\"data:image\/svg+xml,%3Csvg%20xmlns%3D%22http%3A%2F%2Fwww.w3.org%2F2000%2Fsvg%22%20width%3D%22150%22%20height%3D%22150%22%20viewBox%3D%220%200%20150%20150%22%3E%3C%2Fsvg%3E\" loading=\"eager\"><\/span><span class=\"fg-image-overlay\"><\/span><\/a><figcaption class=\"fg-caption\"><div class=\"fg-caption-inner\"><\/div><\/figcaption><\/figure><div class=\"fg-loader\"><\/div><\/div><div class=\"fg-item fg-type-image fg-idle\"><figure class=\"fg-item-inner\"><a href=\"https:\/\/schumacher-architektur.de\/wp-content\/uploads\/2017\/04\/KN_Giebel.jpg\" data-attachment-id=\"721\" class=\"fg-thumb\"><span class=\"fg-image-wrap\"><img width=\"150\" height=\"150\" class=\"skip-lazy fg-image\" data-src-fg=\"https:\/\/schumacher-architektur.de\/wp-content\/uploads\/cache\/2017\/04\/KN_Giebel\/2774349371.jpg\" src=\"data:image\/svg+xml,%3Csvg%20xmlns%3D%22http%3A%2F%2Fwww.w3.org%2F2000%2Fsvg%22%20width%3D%22150%22%20height%3D%22150%22%20viewBox%3D%220%200%20150%20150%22%3E%3C%2Fsvg%3E\" loading=\"eager\"><\/span><span class=\"fg-image-overlay\"><\/span><\/a><figcaption class=\"fg-caption\"><div class=\"fg-caption-inner\"><\/div><\/figcaption><\/figure><div class=\"fg-loader\"><\/div><\/div><div class=\"fg-item fg-type-image fg-idle\"><figure class=\"fg-item-inner\"><a href=\"https:\/\/schumacher-architektur.de\/wp-content\/uploads\/2017\/04\/KN_Kochen-rotated.jpg\" data-attachment-id=\"722\" class=\"fg-thumb\"><span class=\"fg-image-wrap\"><img width=\"150\" height=\"150\" class=\"skip-lazy fg-image\" data-src-fg=\"https:\/\/schumacher-architektur.de\/wp-content\/uploads\/cache\/2017\/04\/KN_Kochen-rotated\/2925012222.jpg\" src=\"data:image\/svg+xml,%3Csvg%20xmlns%3D%22http%3A%2F%2Fwww.w3.org%2F2000%2Fsvg%22%20width%3D%22150%22%20height%3D%22150%22%20viewBox%3D%220%200%20150%20150%22%3E%3C%2Fsvg%3E\" loading=\"eager\"><\/span><span class=\"fg-image-overlay\"><\/span><\/a><figcaption class=\"fg-caption\"><div class=\"fg-caption-inner\"><\/div><\/figcaption><\/figure><div class=\"fg-loader\"><\/div><\/div><div class=\"fg-item fg-type-image fg-idle\"><figure class=\"fg-item-inner\"><a href=\"https:\/\/schumacher-architektur.de\/wp-content\/uploads\/2017\/04\/KN_Gasofen.jpg\" data-attachment-id=\"719\" class=\"fg-thumb\"><span class=\"fg-image-wrap\"><img width=\"150\" height=\"150\" class=\"skip-lazy fg-image\" data-src-fg=\"https:\/\/schumacher-architektur.de\/wp-content\/uploads\/cache\/2017\/04\/KN_Gasofen\/2886441166.jpg\" src=\"data:image\/svg+xml,%3Csvg%20xmlns%3D%22http%3A%2F%2Fwww.w3.org%2F2000%2Fsvg%22%20width%3D%22150%22%20height%3D%22150%22%20viewBox%3D%220%200%20150%20150%22%3E%3C%2Fsvg%3E\" loading=\"eager\"><\/span><span class=\"fg-image-overlay\"><\/span><\/a><figcaption class=\"fg-caption\"><div class=\"fg-caption-inner\"><\/div><\/figcaption><\/figure><div class=\"fg-loader\"><\/div><\/div><\/div>\r\n<\/div>\n\t\t<\/div><\/div><div id=\"pgc-509-1-1\"  class=\"panel-grid-cell panel-grid-cell-empty\" ><\/div><\/div><div id=\"pg-509-2\"  class=\"panel-grid panel-no-style\" ><div id=\"pgc-509-2-0\"  class=\"panel-grid-cell panel-grid-cell-empty\" ><\/div><\/div><\/div>","protected":false},"excerpt":{"rendered":"<p>jede lebesphase hat ihre spezifischen bed\u00fcrfnisse und anforderungen an wohnraum und komfort. der erwerb einer immobilie ist f\u00fcr den bauherrn der anfang f\u00fcr die umsetzung von individuellen ideen und w\u00fcnschen. gern beraten wir bereits im vorfeld eines kaufs zu baulichen m\u00f6glichkeiten auf grundlage der beschaffenheit des bestandsgeb\u00e4udes. in einer ortsbegehung l\u00e4sst sich schnell kl\u00e4ren, ob [&hellip;]<\/p>\n","protected":false},"author":1,"featured_media":0,"parent":0,"menu_order":0,"comment_status":"closed","ping_status":"closed","template":"","meta":[],"yoast_head":"<!-- This site is optimized with the Yoast SEO plugin v20.8 - https:\/\/yoast.com\/wordpress\/plugins\/seo\/ -->\n<title>(Deutsch) neubau &amp; umbauma\u00dfnahmen - schumacher architektur<\/title>\n<meta name=\"robots\" content=\"index, follow, max-snippet:-1, max-image-preview:large, max-video-preview:-1\" \/>\n<link rel=\"canonical\" href=\"https:\/\/schumacher-architektur.de\/neubau-umbaumassnahmen\/\" \/>\n<meta property=\"og:locale\" content=\"en_US\" \/>\n<meta property=\"og:type\" content=\"article\" \/>\n<meta property=\"og:title\" content=\"(Deutsch) neubau &amp; umbauma\u00dfnahmen - schumacher architektur\" \/>\n<meta property=\"og:description\" content=\"jede lebesphase hat ihre spezifischen bed\u00fcrfnisse und anforderungen an wohnraum und komfort. der erwerb einer immobilie ist f\u00fcr den bauherrn der anfang f\u00fcr die umsetzung von individuellen ideen und w\u00fcnschen. gern beraten wir bereits im vorfeld eines kaufs zu baulichen m\u00f6glichkeiten auf grundlage der beschaffenheit des bestandsgeb\u00e4udes. in einer ortsbegehung l\u00e4sst sich schnell kl\u00e4ren, ob [&hellip;]\" \/>\n<meta property=\"og:url\" content=\"https:\/\/schumacher-architektur.de\/neubau-umbaumassnahmen\/\" \/>\n<meta property=\"og:site_name\" content=\"schumacher architektur\" \/>\n<meta property=\"article:modified_time\" content=\"2020-08-28T07:41:50+00:00\" \/>\n<meta name=\"twitter:card\" content=\"summary_large_image\" \/>\n<script type=\"application\/ld+json\" class=\"yoast-schema-graph\">{\"@context\":\"https:\/\/schema.org\",\"@graph\":[{\"@type\":\"WebPage\",\"@id\":\"https:\/\/schumacher-architektur.de\/neubau-umbaumassnahmen\/\",\"url\":\"https:\/\/schumacher-architektur.de\/neubau-umbaumassnahmen\/\",\"name\":\"(Deutsch) neubau & umbauma\u00dfnahmen - schumacher architektur\",\"isPartOf\":{\"@id\":\"\/#website\"},\"datePublished\":\"2017-04-07T11:31:11+00:00\",\"dateModified\":\"2020-08-28T07:41:50+00:00\",\"breadcrumb\":{\"@id\":\"https:\/\/schumacher-architektur.de\/neubau-umbaumassnahmen\/#breadcrumb\"},\"inLanguage\":\"en-US\",\"potentialAction\":[{\"@type\":\"ReadAction\",\"target\":[\"https:\/\/schumacher-architektur.de\/neubau-umbaumassnahmen\/\"]}]},{\"@type\":\"BreadcrumbList\",\"@id\":\"https:\/\/schumacher-architektur.de\/neubau-umbaumassnahmen\/#breadcrumb\",\"itemListElement\":[{\"@type\":\"ListItem\",\"position\":1,\"name\":\"Startseite\",\"item\":\"https:\/\/schumacher-architektur.de\/\"},{\"@type\":\"ListItem\",\"position\":2,\"name\":\"neubau &#038; umbauma\u00dfnahmen\"}]},{\"@type\":\"WebSite\",\"@id\":\"\/#website\",\"url\":\"\/\",\"name\":\"schumacher architektur\",\"description\":\"\",\"potentialAction\":[{\"@type\":\"SearchAction\",\"target\":{\"@type\":\"EntryPoint\",\"urlTemplate\":\"\/?s={search_term_string}\"},\"query-input\":\"required name=search_term_string\"}],\"inLanguage\":\"en-US\"}]}<\/script>\n<!-- \/ Yoast SEO plugin. -->","yoast_head_json":{"title":"(Deutsch) neubau & umbauma\u00dfnahmen - schumacher architektur","robots":{"index":"index","follow":"follow","max-snippet":"max-snippet:-1","max-image-preview":"max-image-preview:large","max-video-preview":"max-video-preview:-1"},"canonical":"https:\/\/schumacher-architektur.de\/neubau-umbaumassnahmen\/","og_locale":"en_US","og_type":"article","og_title":"(Deutsch) neubau & umbauma\u00dfnahmen - schumacher architektur","og_description":"jede lebesphase hat ihre spezifischen bed\u00fcrfnisse und anforderungen an wohnraum und komfort. der erwerb einer immobilie ist f\u00fcr den bauherrn der anfang f\u00fcr die umsetzung von individuellen ideen und w\u00fcnschen. gern beraten wir bereits im vorfeld eines kaufs zu baulichen m\u00f6glichkeiten auf grundlage der beschaffenheit des bestandsgeb\u00e4udes. in einer ortsbegehung l\u00e4sst sich schnell kl\u00e4ren, ob [&hellip;]","og_url":"https:\/\/schumacher-architektur.de\/neubau-umbaumassnahmen\/","og_site_name":"schumacher architektur","article_modified_time":"2020-08-28T07:41:50+00:00","twitter_card":"summary_large_image","schema":{"@context":"https:\/\/schema.org","@graph":[{"@type":"WebPage","@id":"https:\/\/schumacher-architektur.de\/neubau-umbaumassnahmen\/","url":"https:\/\/schumacher-architektur.de\/neubau-umbaumassnahmen\/","name":"(Deutsch) neubau & umbauma\u00dfnahmen - schumacher architektur","isPartOf":{"@id":"\/#website"},"datePublished":"2017-04-07T11:31:11+00:00","dateModified":"2020-08-28T07:41:50+00:00","breadcrumb":{"@id":"https:\/\/schumacher-architektur.de\/neubau-umbaumassnahmen\/#breadcrumb"},"inLanguage":"en-US","potentialAction":[{"@type":"ReadAction","target":["https:\/\/schumacher-architektur.de\/neubau-umbaumassnahmen\/"]}]},{"@type":"BreadcrumbList","@id":"https:\/\/schumacher-architektur.de\/neubau-umbaumassnahmen\/#breadcrumb","itemListElement":[{"@type":"ListItem","position":1,"name":"Startseite","item":"https:\/\/schumacher-architektur.de\/"},{"@type":"ListItem","position":2,"name":"neubau &#038; umbauma\u00dfnahmen"}]},{"@type":"WebSite","@id":"\/#website","url":"\/","name":"schumacher architektur","description":"","potentialAction":[{"@type":"SearchAction","target":{"@type":"EntryPoint","urlTemplate":"\/?s={search_term_string}"},"query-input":"required name=search_term_string"}],"inLanguage":"en-US"}]}},"_links":{"self":[{"href":"https:\/\/schumacher-architektur.de\/en\/wp-json\/wp\/v2\/pages\/509"}],"collection":[{"href":"https:\/\/schumacher-architektur.de\/en\/wp-json\/wp\/v2\/pages"}],"about":[{"href":"https:\/\/schumacher-architektur.de\/en\/wp-json\/wp\/v2\/types\/page"}],"author":[{"embeddable":true,"href":"https:\/\/schumacher-architektur.de\/en\/wp-json\/wp\/v2\/users\/1"}],"replies":[{"embeddable":true,"href":"https:\/\/schumacher-architektur.de\/en\/wp-json\/wp\/v2\/comments?post=509"}],"version-history":[{"count":10,"href":"https:\/\/schumacher-architektur.de\/en\/wp-json\/wp\/v2\/pages\/509\/revisions"}],"predecessor-version":[{"id":788,"href":"https:\/\/schumacher-architektur.de\/en\/wp-json\/wp\/v2\/pages\/509\/revisions\/788"}],"wp:attachment":[{"href":"https:\/\/schumacher-architektur.de\/en\/wp-json\/wp\/v2\/media?parent=509"}],"curies":[{"name":"wp","href":"https:\/\/api.w.org\/{rel}","templated":true}]}}